{"id":637,"date":"2024-09-29T20:14:54","date_gmt":"2024-09-29T18:14:54","guid":{"rendered":"https:\/\/baena.metrominuto.app\/politica-de-privacidad\/"},"modified":"2024-10-02T16:07:55","modified_gmt":"2024-10-02T14:07:55","slug":"privacy-policy","status":"publish","type":"page","link":"https:\/\/baena.metrominuto.app\/en\/privacy-policy\/","title":{"rendered":"Privacy Policy"},"content":{"rendered":"<p><strong>Condiciones generales (Web)<\/strong><\/p>\n<p>A continuaci\u00f3n aparecen los t\u00e9rminos del acuerdo legal que se establece entre usuario y Ayuntamiento de Baena.<\/p>\n<p>Al acceder, navegar y hacer uso de los servicios de este Sitio Web, el usuario manifiesta que ha le\u00eddo, comprendido, estar de acuerdo con estos t\u00e9rminos y cumplir todas las normas y leyes aplicables.<\/p>\n<p>Los contenidos de este Sitio Web est\u00e1n protegidos por los derechos de propiedad intelectual. Cualquier uso no autorizado de material publicado en este Sitio Web es susceptible de incumplir la normativa de propiedad intelectual, marcas y otras regulaciones.<\/p>\n<p><strong>Pol\u00edtica de Privacidad<\/strong><\/p>\n<p><strong>Tratamiento de datos de car\u00e1cter personal (Informaci\u00f3n General)<\/strong><\/p>\n<p>El tratamiento de los datos de car\u00e1cter personal se realizar\u00e1 de acuerdo con el Reglamento (UE) 2016\/679 del Parlamento Europeo y del Consejo Europeo, de 27 de abril de 2016, relativo a la protecci\u00f3n de las personas f\u00edsicas en lo que respecta al tratamiento de datos personales y a la libre circulaci\u00f3n de estos datos.<\/p>\n<p>Ayuntamiento de Baena como responsable del tratamiento de los datos que se obtienen tras la cumplimentaci\u00f3n de este documento, le informa que los mismos van a ser incorporados a un fichero automatizado.<br \/>\nDichos datos se tratar\u00e1n con la finalidad de gestionar los expedientes administrativos que de \u00e9l se deriven por el departamento o servicio correspondiente, en relaci\u00f3n a las funciones y competencias de esta instituci\u00f3n provincial.<\/p>\n<p>La legitimaci\u00f3n para el tratamiento de los datos se tendr\u00e1 con el consentimiento del usuario tras la firma y presentaci\u00f3n de dicho documento.<\/p>\n<p>Los usuarios tendr\u00e1n el derecho, ante esta entidad, de acceder, actualizar, rectificar o suprimir sus datos u otras acciones para el control de su privacidad; y en caso de disconformidad, podr\u00e1n tambi\u00e9n interponer reclamaci\u00f3n ante la autoridad de control<\/p>\n<p><strong>Tratamiento de datos de car\u00e1cter personal (Informaci\u00f3n Adicional)<\/strong><\/p>\n<p><strong>Responsable del tratamiento de sus datos.<\/strong><\/p>\n<p>Entidad: Ayuntamiento de Baena<\/p>\n<p>CIF: P-1400700I<\/p>\n<p>Dir. Postal: Plaza de la Constituci\u00f3n, 1<\/p>\n<p>Tlfno: 957 995 010<\/p>\n<p>mail:<a role=\"link\" href=\"mailto:prensa@ayto-baena.es\">\u00a0prensa@ayto-baena.es<\/a><\/p>\n<p>Delegado de Protecci\u00f3n de Datos:<\/p>\n<p>Contacto: David M. Yubero Rey<\/p>\n<p>Tlfno: 957160050<\/p>\n<p>e-mail:\u00a0<a role=\"link\" href=\"mailto:%20protecciondedatos@dipucordoba.es\">protecciondedatos@dipucordoba.es<\/a><\/p>\n<p><strong>Finalidad de los datos<\/strong><\/p>\n<p>Los datos se tratar\u00e1n con la finalidad de gestionar los expedientes administrativos que de \u00e9l se deriven por el departamento o servicio correspondiente, en relaci\u00f3n a las funciones y competencias de esta instituci\u00f3n provincial.<\/p>\n<p><strong>Conservaci\u00f3n de los datos<\/strong><\/p>\n<p>Los datos personales proporcionados se mantendr\u00e1n en la entidad en tanto no se solicite su supresi\u00f3n por parte del interesado.<\/p>\n<p><strong>Conservaci\u00f3n de los datos<\/strong><\/p>\n<p>Estos datos \u00fanicamente ser\u00e1n cedidos a aquellas entidades que sean necesarias con el \u00fanico objeto de dar cumplimiento a la finalidad expuesta.<\/p>\n<p><strong>Ejercicio de derechos<\/strong><\/p>\n<p>El interesado tiene derecho, conforme al Reglamento General de Protecci\u00f3n de datos a ejercer frente a este Responsable su:<\/p>\n<ul>\n<li>Derecho de acceso a los mismos (art. 15 RGPD)<\/li>\n<li>Derecho de rectificaci\u00f3n (art. 16 RGPD)<\/li>\n<li>Derecho de supresi\u00f3n (art. 17 RGPD)<\/li>\n<li>Derecho a la limitaci\u00f3n del tratamiento (art. 18 RGPD)<\/li>\n<li>Derecho a la portabilidad de los datos (art. 20 RGPD)<\/li>\n<li>Derecho de oposici\u00f3n (arts. 21 y 22 RGPD)<\/li>\n<\/ul>\n<p>Estos derechos podr\u00e1n ejercerse a trav\u00e9s del tr\u00e1mite puesto a su disposici\u00f3n en\u00a0<a role=\"link\" href=\"https:\/\/www.baena.es\/\" target=\"_blank\" rel=\"noopener noreferrer\">https:\/\/www.baena.es<\/a>, correo electr\u00f3nico o mediante presentaci\u00f3n de una solicitud en el Registro General de Ayuntamiento de Baena, o por cualquiera de los medios establecidos en el art. 16 de la Ley 39\/2015, de Procedimiento Administrativo Com\u00fan de las Administraciones P\u00fablicas.<\/p>\n<p>En caso de disconformidad, podr\u00e1 interpone reclamaci\u00f3n ante la Autoridad de Control, en base al art. 56 y ss del Reglamento General de Protecci\u00f3n de Datos (<a role=\"link\" href=\"https:\/\/sedeagpd.gob.es\/\" target=\"_blank\" rel=\"noopener noreferrer\">https:\/\/sedeagpd.gob.es<\/a>).<\/p>\n","protected":false},"excerpt":{"rendered":"<p>Condiciones generales (Web) A continuaci\u00f3n aparecen los t\u00e9rminos del acuerdo legal que se establece entre usuario y Ayuntamiento de Baena. Al acceder, navegar y hacer uso de los servicios de este Sitio Web, el usuario manifiesta que ha le\u00eddo, comprendido, estar de acuerdo con estos t\u00e9rminos y cumplir todas las normas y leyes aplicables. Los [&hellip;]<\/p>\n","protected":false},"author":1,"featured_media":0,"parent":0,"menu_order":0,"comment_status":"closed","ping_status":"closed","template":"","meta":{"footnotes":""},"class_list":["post-637","page","type-page","status-publish","hentry"],"_links":{"self":[{"href":"https:\/\/baena.metrominuto.app\/en\/wp-json\/wp\/v2\/pages\/637","targetHints":{"allow":["GET"]}}],"collection":[{"href":"https:\/\/baena.metrominuto.app\/en\/wp-json\/wp\/v2\/pages"}],"about":[{"href":"https:\/\/baena.metrominuto.app\/en\/wp-json\/wp\/v2\/types\/page"}],"author":[{"embeddable":true,"href":"https:\/\/baena.metrominuto.app\/en\/wp-json\/wp\/v2\/users\/1"}],"replies":[{"embeddable":true,"href":"https:\/\/baena.metrominuto.app\/en\/wp-json\/wp\/v2\/comments?post=637"}],"version-history":[{"count":1,"href":"https:\/\/baena.metrominuto.app\/en\/wp-json\/wp\/v2\/pages\/637\/revisions"}],"predecessor-version":[{"id":638,"href":"https:\/\/baena.metrominuto.app\/en\/wp-json\/wp\/v2\/pages\/637\/revisions\/638"}],"wp:attachment":[{"href":"https:\/\/baena.metrominuto.app\/en\/wp-json\/wp\/v2\/media?parent=637"}],"curies":[{"name":"wp","href":"https:\/\/api.w.org\/{rel}","templated":true}]}}